{"id":288,"date":"2018-05-08T18:22:36","date_gmt":"2018-05-08T21:22:36","guid":{"rendered":"http:\/\/nishadalar.org\/?page_id=288"},"modified":"2018-05-24T07:12:56","modified_gmt":"2018-05-24T10:12:56","slug":"sik-sorulan-sorular","status":"publish","type":"page","link":"http:\/\/nishadalar.org\/?page_id=288","title":{"rendered":"S\u0131k Sorulan Sorular"},"content":{"rendered":"<div class=\"flex_column av_one_full  flex_column_div av-zero-column-padding first  \" style='border-radius:0px; '><div class=\"togglecontainer   toggle_close_all \" >\n<section class=\"av_toggle_section\"  itemscope=\"itemscope\" itemtype=\"https:\/\/schema.org\/CreativeWork\"  >    <div class=\"single_toggle\" data-tags=\"{T\u00fcm\u00fc} \"  >        <p data-fake-id=\"#toggle-id-1\" class=\"toggler \"  itemprop=\"headline\"  >Tv Sistemini Nas\u0131l Kullanabilirim<span class=\"toggle_icon\" >        <span class=\"vert_icon\"><\/span><span class=\"hor_icon\"><\/span><\/span><\/p>        <div id=\"toggle-id-1-container\" class=\"toggle_wrap \"  >            <div class=\"toggle_content invers-color \"  itemprop=\"text\"   ><p>Dairelerde merkezi olarak desteklenen multiswitch sitem bulunmaktad\u0131r. T\u00dcRKSAT,HORTB\u0130D,EUTELSAT W3A VE \u00c7ATI ANTEN\u0130 ile dijital \/ analog yay\u0131nlar tv prizlerinize verilmektedir. \u00a0TV prizinizden Televizyonunuzun anten giri\u015fine ba\u011flant\u0131 yaparak televizyonunuzda arama yapt\u0131rman\u0131z durumunda \u00e7at\u0131 anteninden al\u0131nan karasal analog yay\u0131nlar\u0131 izleyebilir veya tv prizinize receiver ba\u011flant\u0131s\u0131 yaparak T\u00dcRKSAT,HORTB\u0130D dijital yay\u0131nlar\u0131n\u0131 izleyebilirsiniz. D\u0130J\u0130T\u00dcRK VEYA DSMART aboneli\u011finiz var ise tv prizinize baglant\u0131s\u0131n\u0131 yapt\u0131ktan sonra kurulum yaparak EUTELSAT W3A yay\u0131nlar\u0131n\u0131 izleyebilirsiniz.<\/p>\n            <\/div>        <\/div>    <\/div><\/section>\n<section class=\"av_toggle_section\"  itemscope=\"itemscope\" itemtype=\"https:\/\/schema.org\/CreativeWork\"  >    <div class=\"single_toggle\" data-tags=\"{T\u00fcm\u00fc} \"  >        <p data-fake-id=\"#toggle-id-2\" class=\"toggler \"  itemprop=\"headline\"  >Interkom cihaz\u0131m\u0131 (BOTECH) nas\u0131l kullan\u0131r\u0131m?<span class=\"toggle_icon\" >        <span class=\"vert_icon\"><\/span><span class=\"hor_icon\"><\/span><\/span><\/p>        <div id=\"toggle-id-2-container\" class=\"toggle_wrap \"  >            <div class=\"toggle_content invers-color \"  itemprop=\"text\"   ><p><a href=\"http:\/\/nishadalar.org\/wp-content\/uploads\/2018\/05\/Botech-kullan\u0131m-klavuzu.jpg\"><img loading=\"lazy\" class=\"alignnone size-medium wp-image-393\" src=\"http:\/\/nishadalar.org\/wp-content\/uploads\/2018\/05\/Botech-kullan\u0131m-klavuzu-300x212.jpg\" alt=\"\" width=\"300\" height=\"212\" srcset=\"http:\/\/nishadalar.org\/wp-content\/uploads\/2018\/05\/Botech-kullan\u0131m-klavuzu-300x212.jpg 300w, http:\/\/nishadalar.org\/wp-content\/uploads\/2018\/05\/Botech-kullan\u0131m-klavuzu-768x542.jpg 768w, http:\/\/nishadalar.org\/wp-content\/uploads\/2018\/05\/Botech-kullan\u0131m-klavuzu-1030x727.jpg 1030w, http:\/\/nishadalar.org\/wp-content\/uploads\/2018\/05\/Botech-kullan\u0131m-klavuzu-1500x1059.jpg 1500w, http:\/\/nishadalar.org\/wp-content\/uploads\/2018\/05\/Botech-kullan\u0131m-klavuzu-260x185.jpg 260w, http:\/\/nishadalar.org\/wp-content\/uploads\/2018\/05\/Botech-kullan\u0131m-klavuzu-705x498.jpg 705w, http:\/\/nishadalar.org\/wp-content\/uploads\/2018\/05\/Botech-kullan\u0131m-klavuzu-450x318.jpg 450w\" sizes=\"(max-width: 300px) 100vw, 300px\" \/><\/a><\/p>\n            <\/div>        <\/div>    <\/div><\/section>\n<section class=\"av_toggle_section\"  itemscope=\"itemscope\" itemtype=\"https:\/\/schema.org\/CreativeWork\"  >    <div class=\"single_toggle\" data-tags=\"{T\u00fcm\u00fc} \"  >        <p data-fake-id=\"#toggle-id-3\" class=\"toggler \"  itemprop=\"headline\"  >Teknik servise ula\u015fmak i\u00e7in ne yapmal\u0131y\u0131m?<span class=\"toggle_icon\" >        <span class=\"vert_icon\"><\/span><span class=\"hor_icon\"><\/span><\/span><\/p>        <div id=\"toggle-id-3-container\" class=\"toggle_wrap \"  >            <div class=\"toggle_content invers-color \"  itemprop=\"text\"   ><p>Site y\u00f6netim telefonlar\u0131ndan 7\/24 olarak 0216 399 90 10-11 arayarak dahili 18-24 tu\u015flayarak ula\u015fabilirsiniz ya da &#8221;destek@nishadalar.org&#8221; adresinden mail atabilir, &#8221;apsiyon&#8221; program\u0131 ile ar\u0131za kayd\u0131 a\u00e7abilirsiniz.<\/p>\n            <\/div>        <\/div>    <\/div><\/section>\n<section class=\"av_toggle_section\"  itemscope=\"itemscope\" itemtype=\"https:\/\/schema.org\/CreativeWork\"  >    <div class=\"single_toggle\" data-tags=\"{T\u00fcm\u00fc} \"  >        <p data-fake-id=\"#toggle-id-4\" class=\"toggler \"  itemprop=\"headline\"  >Kalorimetre sisteminin kay\u0131p kat\u0131l\u0131m bedeli neye g\u00f6re hesaplanmaktad\u0131r?<span class=\"toggle_icon\" >        <span class=\"vert_icon\"><\/span><span class=\"hor_icon\"><\/span><\/span><\/p>        <div id=\"toggle-id-4-container\" class=\"toggle_wrap \"  >            <div class=\"toggle_content invers-color \"  itemprop=\"text\"   ><div>Merkezi Is\u0131tma Ve S\u0131hhi S\u0131cak Su Sistemlerinde Is\u0131nma Ve S\u0131hhi S\u0131cak Su Giderlerinin Payla\u015ft\u0131r\u0131lmas\u0131na \u0130li\u015fkin Y\u00f6netmelik<\/div>\n<div>\u00a0 \u00a0 Bay\u0131nd\u0131rl\u0131k ve \u0130skan Bakanl\u0131\u011f\u0131ndan:<\/div>\n<div>\u00a0 \u00a0 Resmi Gazete Tarihi: 14\/04\/2008<\/div>\n<div>\u00a0 \u00a0 Resmi Gazete Say\u0131s\u0131: 26847(M\u00fckerer)<\/div>\n<div>\u00a0 \u00a0 B\u0130R\u0130NC\u0130 B\u00d6L\u00dcM: Ama\u00e7 ve Kapsam, Dayanak, Tan\u0131mlar<\/div>\n<div>\u00a0 \u00a0 \u00a0 \u00a0Ama\u00e7 ve kapsam<\/div>\n<div>\u00a0 \u00a0 \u00a0 \u00a0Madde 1 &#8211; (1) Bu Y\u00f6netmeli\u011fin amac\u0131; mevcut ve yeni yap\u0131lacak birden fazla ba\u011f\u0131ms\u0131z b\u00f6l\u00fcme sahip merkez\u00ee veya b\u00f6lgesel \u0131s\u0131tma sistemli ve s\u0131hh\u00ee s\u0131cak su sistemli binalarda, \u0131s\u0131tma ve s\u0131hh\u00ee s\u0131cak su giderlerinin, ba\u011f\u0131ms\u0131z b\u00f6l\u00fcm kullan\u0131c\u0131lar\u0131na payla\u015ft\u0131r\u0131lmas\u0131na ili\u015fkin us\u00fbl ve esaslar\u0131 belirlemektir. Is\u0131tma ve s\u0131hh\u00ee s\u0131cak su gider payla\u015f\u0131m\u0131 hesaplamas\u0131<\/div>\n<div>\u00a0 \u00a0 \u00a0 \u00a0Madde 8 &#8211; (1) Merkez\u00ee \u0131s\u0131tma sistemlerinde toplam \u0131s\u0131tma giderlerinin % 70&#8217;i ba\u011f\u0131ms\u0131z b\u00f6l\u00fcmlerin \u00f6l\u00e7\u00fclen \u0131s\u0131 t\u00fcketimlerine g\u00f6re payla\u015ft\u0131r\u0131l\u0131r. Toplam \u0131s\u0131tma giderlerinin % 30&#8217;u ortak kullan\u0131m mahalleri, sistem kay\u0131plar\u0131, asgari \u0131s\u0131nma ve i\u015fletme giderlerinden kaynakl\u0131 \u0131s\u0131 giderleri olarak ba\u011f\u0131ms\u0131z b\u00f6l\u00fcmlerin kullan\u0131m alanlar\u0131na g\u00f6re payla\u015ft\u0131r\u0131l\u0131r.<a href=\"http:\/\/nishadalar.site\/wp-content\/uploads\/2018\/04\/kalorimetre.jpg\"><img loading=\"lazy\" class=\"size-full wp-image-547 aligncenter\" src=\"http:\/\/nishadalar.site\/wp-content\/uploads\/2018\/04\/kalorimetre.jpg\" alt=\"\" width=\"646\" height=\"794\" \/><\/a><\/div>\n            <\/div>        <\/div>    <\/div><\/section>\n<section class=\"av_toggle_section\"  itemscope=\"itemscope\" itemtype=\"https:\/\/schema.org\/CreativeWork\"  >    <div class=\"single_toggle\" data-tags=\"{T\u00fcm\u00fc} \"  >        <p data-fake-id=\"#toggle-id-5\" class=\"toggler \"  itemprop=\"headline\"  >Daire i\u00e7erisinde bulunan radyat\u00f6rlerimin \u00fczerindeki termostatik vanalar\u0131 ka\u00e7\u0131nc\u0131 konumda kullanmal\u0131y\u0131m?<span class=\"toggle_icon\" >        <span class=\"vert_icon\"><\/span><span class=\"hor_icon\"><\/span><\/span><\/p>        <div id=\"toggle-id-5-container\" class=\"toggle_wrap \"  >            <div class=\"toggle_content invers-color \"  itemprop=\"text\"   ><p>Gereken oda s\u0131cakl\u0131\u011f\u0131, ayar d\u00fc\u011fmesi \u00e7evrilerek ayarlan\u0131r. S\u0131cak\u0131l\u0131k \u00f6l\u00e7ekleri, \u00f6l\u00e7ek de\u011ferleri ile oda s\u0131cakl\u0131\u011f\u0131 aras\u0131ndaki korelasyonu g\u00f6sterir. Elde edilen oda s\u0131cakl\u0131\u011f\u0131 genellikle tesisat ko\u015fullar\u0131ndan etkilenece\u011finden, belirtilen s\u0131cakl\u0131k de\u011ferleri yaln\u0131zca yard\u0131m ama\u00e7l\u0131d\u0131r.<\/p>\n<p>S\u0131cakl\u0131k \u00f6l\u00e7ekleri Avrupa standartlar\u0131na g\u00f6re Xp=2 C \u015feklinde belirtilmektedir. Buna g\u00f6re, radyat\u00f6r termostatlar\u0131 s\u0131cakl\u0131k \u00f6l\u00e7eklerinde belirtilen s\u0131cakl\u0131ktan 2 &#8216; C daha y\u00fcksek bir sens\u00f6r s\u0131cakl\u0131\u011f\u0131nda kapan\u0131r.<\/p>\n            <\/div>        <\/div>    <\/div><\/section>\n<section class=\"av_toggle_section\"  itemscope=\"itemscope\" itemtype=\"https:\/\/schema.org\/CreativeWork\"  >    <div class=\"single_toggle\" data-tags=\"{T\u00fcm\u00fc} \"  >        <p data-fake-id=\"#toggle-id-6\" class=\"toggler \"  itemprop=\"headline\"  >Mutfak havaland\u0131rmas\u0131ndan koku gelmektedir nas\u0131l \u00e7\u00f6zebilirim?<span class=\"toggle_icon\" >        <span class=\"vert_icon\"><\/span><span class=\"hor_icon\"><\/span><\/span><\/p>        <div id=\"toggle-id-6-container\" class=\"toggle_wrap \"  >            <div class=\"toggle_content invers-color \"  itemprop=\"text\"   ><p>Nishadalar projesi mekanik tesisat projesine uygun olarak, merkezi sistem mutfak havaland\u0131rma tesisat\u0131 yap\u0131lm\u0131\u015ft\u0131r. Sakinlerimizden gelen koku \u015fikayeti ilgili olarak yap\u0131lan kontrollerde; \u201cbaz\u0131 sakinlerimizin mutfak havaland\u0131rma davlumbazlar\u0131n\u0131 klapesiz olarak sat\u0131n ald\u0131klar\u0131 tespit edilmi\u015ftir.\u201d Ankastre \u00fcr\u00fcn \u00fcreticilerinin farkl\u0131 tip model ve \u00f6zellikte klape istemeleri sebebiyle sakinlerimizin davlumbaz temininde ve montaj\u0131nda sat\u0131n alm\u0131\u015f olduklar\u0131 \u00fcr\u00fcne uygun klape temin ederek takt\u0131rmalar\u0131 gerekmektedir.<\/p>\n            <\/div>        <\/div>    <\/div><\/section>\n<section class=\"av_toggle_section\"  itemscope=\"itemscope\" itemtype=\"https:\/\/schema.org\/CreativeWork\"  >    <div class=\"single_toggle\" data-tags=\"{T\u00fcm\u00fc} \"  >        <p data-fake-id=\"#toggle-id-7\" class=\"toggler \"  itemprop=\"headline\"  >Mutfak giderimden ve banyo giderimden koku gelmektedir.<span class=\"toggle_icon\" >        <span class=\"vert_icon\"><\/span><span class=\"hor_icon\"><\/span><\/span><\/p>        <div id=\"toggle-id-7-container\" class=\"toggle_wrap \"  >            <div class=\"toggle_content invers-color \"  itemprop=\"text\"   ><p>Mutfak giderinin alt\u0131nda bulunan pvc boru \u00fczerinde bula\u015f\u0131k makinas\u0131 pissu baglant\u0131 noktas\u0131na 50lik pvc boru i\u00e7in adapt\u00f6r conta temin edilerek borunun takt\u0131r\u0131lmas\u0131 gerekmektedir aksi taktirde boru etraf\u0131nda bo\u015fluklar olmas\u0131ndan kaynakl\u0131 koku sorunu olmaktad\u0131r. in\u015faat firmas\u0131 ilgili b\u00f6lgeye k\u00f6r tapa b\u0131rakarak muhafaza etmi\u015f fakat bula\u015f\u0131k makinas\u0131 montaj\u0131 esnas\u0131nda gelen servis personellerinden talep ederek takt\u0131r\u0131lmas\u0131 gerekmektedir, ayn\u0131 durum \u00e7ama\u015f\u0131r makinalar\u0131 i\u00e7inde ge\u00e7erlidir. banyolardan gelen koku sorunu yer s\u00fczgecinde su kalmad\u0131g\u0131 zaman olmaktad\u0131r, banyoda zemin y\u0131kamas\u0131 yap\u0131lmasa bile yer s\u00fczge\u00e7inin i\u00e7erisine haftada 1 veya 2 sefer bir ma\u015frafa su d\u00f6k\u00fclmelidir.<\/p>\n            <\/div>        <\/div>    <\/div><\/section>\n<section class=\"av_toggle_section\"  itemscope=\"itemscope\" itemtype=\"https:\/\/schema.org\/CreativeWork\"  >    <div class=\"single_toggle\" data-tags=\"{T\u00fcm\u00fc} \"  >        <p data-fake-id=\"#toggle-id-8\" class=\"toggler \"  itemprop=\"headline\"  >Misafir park yeri var m\u0131?<span class=\"toggle_icon\" >        <span class=\"vert_icon\"><\/span><span class=\"hor_icon\"><\/span><\/span><\/p>        <div id=\"toggle-id-8-container\" class=\"toggle_wrap \"  >            <div class=\"toggle_content invers-color \"  itemprop=\"text\"   ><p>Misafir park yeri yoktur.<\/p>\n            <\/div>        <\/div>    <\/div><\/section>\n<section class=\"av_toggle_section\"  itemscope=\"itemscope\" itemtype=\"https:\/\/schema.org\/CreativeWork\"  >    <div class=\"single_toggle\" data-tags=\"{T\u00fcm\u00fc} \"  >        <p data-fake-id=\"#toggle-id-9\" class=\"toggler \"  itemprop=\"headline\"  >Apsiyon \u00fczerinden y\u00f6netime ar\u0131za kayd\u0131 yollama.<span class=\"toggle_icon\" >        <span class=\"vert_icon\"><\/span><span class=\"hor_icon\"><\/span><\/span><\/p>        <div id=\"toggle-id-9-container\" class=\"toggle_wrap \"  >            <div class=\"toggle_content invers-color \"  itemprop=\"text\"   ><p>Apsiyon program\u0131na kullan\u0131c\u0131 ad\u0131 ve \u015fifrenizle giri\u015f yapt\u0131ktan sonra ar\u0131za kayd\u0131 ve i\u015f takibi a\u00e7mak i\u00e7in videoyu izleyebilirsiniz.<\/p>\n<div class='avia-iframe-wrap'><iframe width=\"1500\" height=\"844\" src=\"https:\/\/www.youtube.com\/embed\/B0o2-KaWWMs?feature=oembed\" frameborder=\"0\" allow=\"autoplay; encrypted-media\" allowfullscreen><\/iframe><\/div>\n            <\/div>        <\/div>    <\/div><\/section>\n<\/div><\/div>\n","protected":false},"excerpt":{"rendered":"","protected":false},"author":1,"featured_media":0,"parent":0,"menu_order":0,"comment_status":"closed","ping_status":"closed","template":"","meta":[],"_links":{"self":[{"href":"http:\/\/nishadalar.org\/index.php?rest_route=\/wp\/v2\/pages\/288"}],"collection":[{"href":"http:\/\/nishadalar.org\/index.php?rest_route=\/wp\/v2\/pages"}],"about":[{"href":"http:\/\/nishadalar.org\/index.php?rest_route=\/wp\/v2\/types\/page"}],"author":[{"embeddable":true,"href":"http:\/\/nishadalar.org\/index.php?rest_route=\/wp\/v2\/users\/1"}],"replies":[{"embeddable":true,"href":"http:\/\/nishadalar.org\/index.php?rest_route=%2Fwp%2Fv2%2Fcomments&post=288"}],"version-history":[{"count":8,"href":"http:\/\/nishadalar.org\/index.php?rest_route=\/wp\/v2\/pages\/288\/revisions"}],"predecessor-version":[{"id":562,"href":"http:\/\/nishadalar.org\/index.php?rest_route=\/wp\/v2\/pages\/288\/revisions\/562"}],"wp:attachment":[{"href":"http:\/\/nishadalar.org\/index.php?rest_route=%2Fwp%2Fv2%2Fmedia&parent=288"}],"curies":[{"name":"wp","href":"https:\/\/api.w.org\/{rel}","templated":true}]}}